{"id":9,"date":"2022-05-17T16:30:07","date_gmt":"2022-05-17T13:30:07","guid":{"rendered":"http:\/\/www.yasinbozkurt.com\/?page_id=9"},"modified":"2023-03-01T14:11:34","modified_gmt":"2023-03-01T11:11:34","slug":"hakkimizda","status":"publish","type":"page","link":"http:\/\/www.yasinbozkurt.com\/index.php\/hakkimizda\/","title":{"rendered":"Hakk\u0131nda"},"content":{"rendered":"\t\t<div data-elementor-type=\"wp-page\" data-elementor-id=\"9\" class=\"elementor elementor-9\">\n\t\t\t\t\t\t\t\t\t<section class=\"elementor-section elementor-top-section elementor-element elementor-element-4f29f759 elementor-section-boxed elementor-section-height-default elementor-section-height-default\" data-id=\"4f29f759\" data-element_type=\"section\">\n\t\t\t\t\t\t<div class=\"elementor-container elementor-column-gap-default\">\n\t\t\t\t\t<div class=\"elementor-column elementor-col-100 elementor-top-column elementor-element elementor-element-3938e802\" data-id=\"3938e802\" data-element_type=\"column\">\n\t\t\t<div class=\"elementor-widget-wrap elementor-element-populated\">\n\t\t\t\t\t\t\t\t<div class=\"elementor-element elementor-element-49639a33 elementor-widget elementor-widget-text-editor\" data-id=\"49639a33\" data-element_type=\"widget\" data-widget_type=\"text-editor.default\">\n\t\t\t\t<div class=\"elementor-widget-container\">\n\t\t\t<style>\/*! elementor - v3.18.0 - 20-12-2023 *\/\n.elementor-widget-text-editor.elementor-drop-cap-view-stacked .elementor-drop-cap{background-color:#69727d;color:#fff}.elementor-widget-text-editor.elementor-drop-cap-view-framed .elementor-drop-cap{color:#69727d;border:3px solid;background-color:transparent}.elementor-widget-text-editor:not(.elementor-drop-cap-view-default) .elementor-drop-cap{margin-top:8px}.elementor-widget-text-editor:not(.elementor-drop-cap-view-default) .elementor-drop-cap-letter{width:1em;height:1em}.elementor-widget-text-editor .elementor-drop-cap{float:left;text-align:center;line-height:1;font-size:50px}.elementor-widget-text-editor .elementor-drop-cap-letter{display:inline-block}<\/style>\t\t\t\t<!-- wp:image {\"align\":\"center\",\"id\":46,\"sizeSlug\":\"medium\",\"linkDestination\":\"none\",\"className\":\"is-style-default\"} -->\n<div class=\"wp-block-image is-style-default\"><img fetchpriority=\"high\" decoding=\"async\" class=\"size-medium wp-image-46 alignleft\" src=\"http:\/\/www.yasinbozkurt.com\/wp-content\/uploads\/2022\/05\/a-7-1-228x300.jpeg\" alt=\"\" width=\"228\" height=\"300\" srcset=\"http:\/\/www.yasinbozkurt.com\/wp-content\/uploads\/2022\/05\/a-7-1-228x300.jpeg 228w, http:\/\/www.yasinbozkurt.com\/wp-content\/uploads\/2022\/05\/a-7-1-768x1012.jpeg 768w, http:\/\/www.yasinbozkurt.com\/wp-content\/uploads\/2022\/05\/a-7-1.jpeg 777w\" sizes=\"(max-width: 228px) 100vw, 228px\" \/><\/div>\n<!-- \/wp:image --><!-- wp:paragraph -->\n<p>1932 y\u0131l\u0131nda Kars Merkez Dikme k\u00f6y\u00fcnde do\u011fmu\u015ftur. 1954 y\u0131l\u0131nda \u0130stanbul \u00dcniversitesi Orman Fak\u00fcltesinden, 1963 y\u0131l\u0131nda Ankara \u00dcniversitesi Hukuk Fak\u00fcltesinden mezun olmu\u015ftur. Oltu Orman \u0130\u015fletmesi Y\u00fcksek Orman M\u00fchendisi, Sar\u0131kam\u0131\u015f ve G\u00f6le Orman \u0130\u015fletmeleri B\u00f6lge \u015eefi ve M\u00fcd\u00fcr Muavini, Afyon Orman \u0130\u015fletmesi M\u00fcd\u00fcr Muavini olarak Ormanc\u0131l\u0131k mesle\u011finin \u00e7e\u015fitli kademelerinde \u00e7al\u0131\u015fm\u0131\u015ft\u0131r. 1963-1972 y\u0131llar\u0131 aras\u0131nda Kars\u2019ta serbest Avukatl\u0131k yapt\u0131ktan sonra Kars Milletvekili se\u00e7ilerek Parlamentoda 1973-1977 d\u00f6neminde g\u00f6rev yapm\u0131\u015ft\u0131r. 7.11.1977 tarihinde Orman Genel M\u00fcd\u00fcr\u00fc ve 21.1.1980 Tarihinde Orman Bakanl\u0131\u011f\u0131 M\u00fcste\u015far Yard\u0131mc\u0131s\u0131 olarak g\u00f6rev yapm\u0131\u015ft\u0131r. 29.11.1987 genel se\u00e7imlerinde XVIII. D\u00f6nem Kars Milletvekili se\u00e7ilerek TBMM\u2019de yasama \u00e7al\u0131\u015fmalar\u0131na kat\u0131lm\u0131\u015ft\u0131r. 5 Aral\u0131k 2020 tarihinde Hakk\u2019\u0131n rahmetine kavu\u015fmu\u015ftur.<\/p>\n<!-- \/wp:paragraph -->\t\t\t\t\t\t<\/div>\n\t\t\t\t<\/div>\n\t\t\t\t\t<\/div>\n\t\t<\/div>\n\t\t\t\t\t\t\t<\/div>\n\t\t<\/section>\n\t\t\t\t\t\t\t<\/div>\n\t\t","protected":false},"excerpt":{"rendered":"<p>1932 y\u0131l\u0131nda Kars Merkez Dikme k\u00f6y\u00fcnde do\u011fmu\u015ftur. 1954 y\u0131l\u0131nda \u0130stanbul \u00dcniversitesi Orman Fak\u00fcltesinden, 1963 y\u0131l\u0131nda Ankara \u00dcniversitesi Hukuk Fak\u00fcltesinden mezun olmu\u015ftur. Oltu Orman \u0130\u015fletmesi Y\u00fcksek Orman M\u00fchendisi, Sar\u0131kam\u0131\u015f ve G\u00f6le Orman \u0130\u015fletmeleri B\u00f6lge \u015eefi ve M\u00fcd\u00fcr Muavini, Afyon Orman \u0130\u015fletmesi M\u00fcd\u00fcr Muavini olarak Ormanc\u0131l\u0131k mesle\u011finin \u00e7e\u015fitli kademelerinde \u00e7al\u0131\u015fm\u0131\u015ft\u0131r. 1963-1972 y\u0131llar\u0131 aras\u0131nda Kars\u2019ta serbest Avukatl\u0131k yapt\u0131ktan &hellip; <\/p>\n<p class=\"link-more\"><a href=\"http:\/\/www.yasinbozkurt.com\/index.php\/hakkimizda\/\" class=\"more-link\">Continue reading<span class=\"screen-reader-text\"> &#8220;Hakk\u0131nda&#8221;<\/span><\/a><\/p>\n","protected":false},"author":1,"featured_media":0,"parent":0,"menu_order":0,"comment_status":"closed","ping_status":"closed","template":"","meta":{"footnotes":""},"class_list":["post-9","page","type-page","status-publish","hentry"],"_links":{"self":[{"href":"http:\/\/www.yasinbozkurt.com\/index.php\/wp-json\/wp\/v2\/pages\/9","targetHints":{"allow":["GET"]}}],"collection":[{"href":"http:\/\/www.yasinbozkurt.com\/index.php\/wp-json\/wp\/v2\/pages"}],"about":[{"href":"http:\/\/www.yasinbozkurt.com\/index.php\/wp-json\/wp\/v2\/types\/page"}],"author":[{"embeddable":true,"href":"http:\/\/www.yasinbozkurt.com\/index.php\/wp-json\/wp\/v2\/users\/1"}],"replies":[{"embeddable":true,"href":"http:\/\/www.yasinbozkurt.com\/index.php\/wp-json\/wp\/v2\/comments?post=9"}],"version-history":[{"count":5,"href":"http:\/\/www.yasinbozkurt.com\/index.php\/wp-json\/wp\/v2\/pages\/9\/revisions"}],"predecessor-version":[{"id":97,"href":"http:\/\/www.yasinbozkurt.com\/index.php\/wp-json\/wp\/v2\/pages\/9\/revisions\/97"}],"wp:attachment":[{"href":"http:\/\/www.yasinbozkurt.com\/index.php\/wp-json\/wp\/v2\/media?parent=9"}],"curies":[{"name":"wp","href":"https:\/\/api.w.org\/{rel}","templated":true}]}}